{"id":453,"date":"2019-02-06T01:06:27","date_gmt":"2019-02-06T00:06:27","guid":{"rendered":"http:\/\/www.bsforma.com\/bsf\/?page_id=453"},"modified":"2025-10-06T12:37:55","modified_gmt":"2025-10-06T10:37:55","slug":"demarches-pedagogiques","status":"publish","type":"page","link":"http:\/\/www.bsforma.com\/bsf\/demarches-pedagogiques\/","title":{"rendered":"D\u00e9marche qualit\u00e9"},"content":{"rendered":"<p>[vc_row][vc_column][vc_row_inner][vc_column_inner width=\u00a0\u00bb1\/6&Prime;][vc_column_text]<\/p>\n<h3>D\u00e9marches p\u00e9dagogiques<\/h3>\n<p>[\/vc_column_text][\/vc_column_inner][vc_column_inner width=\u00a0\u00bb2\/3&Prime;][\/vc_column_inner][vc_column_inner width=\u00a0\u00bb1\/6&Prime;][\/vc_column_inner][\/vc_row_inner][vc_empty_space height=\u00a0\u00bb40px\u00a0\u00bb][vc_row_inner][vc_column_inner width=\u00a0\u00bb1\/2&Prime;][vc_column_text]<\/p>\n<p class=\"STITRE2\"><strong><img loading=\"lazy\" decoding=\"async\" class=\"alignnone wp-image-959\" src=\"http:\/\/www.bsforma.com\/bsf\/wp-content\/uploads\/2020\/09\/3525537_WPS\u56fe\u7247-300x295.jpg\" alt=\"\" width=\"232\" height=\"228\" srcset=\"http:\/\/www.bsforma.com\/bsf\/wp-content\/uploads\/2020\/09\/3525537_WPS\u56fe\u7247-300x295.jpg 300w, http:\/\/www.bsforma.com\/bsf\/wp-content\/uploads\/2020\/09\/3525537_WPS\u56fe\u7247-768x754.jpg 768w, http:\/\/www.bsforma.com\/bsf\/wp-content\/uploads\/2020\/09\/3525537_WPS\u56fe\u7247-50x50.jpg 50w, http:\/\/www.bsforma.com\/bsf\/wp-content\/uploads\/2020\/09\/3525537_WPS\u56fe\u7247-555x545.jpg 555w, http:\/\/www.bsforma.com\/bsf\/wp-content\/uploads\/2020\/09\/3525537_WPS\u56fe\u7247-600x589.jpg 600w, http:\/\/www.bsforma.com\/bsf\/wp-content\/uploads\/2020\/09\/3525537_WPS\u56fe\u7247.jpg 841w\" sizes=\"(max-width: 232px) 100vw, 232px\" \/><\/strong><\/p>\n<p class=\"STITRE2\"><strong>Les \u00e9tapes des \u00e9v\u00e8nements initiaux dans une s\u00e9quence<\/strong><\/p>\n<p class=\"STITRE3\">Premi\u00e8re \u00e9tape \u00ab\u00a0<strong>sensibilisation\u00a0\u00bb<\/strong><\/p>\n<p class=\"SCNT\" align=\"justify\">\u00c0 partir d&rsquo;un document iconographique, d&rsquo;un geste, d&rsquo;une question, d&rsquo;un mot, d&rsquo;un dessin, d&rsquo;une photo, d&rsquo;un objet, etc, cette \u00e9tape qui ouvre la s\u00e9ance, sert \u00e0 stimuler la curiosit\u00e9, les connaissances acquises et la m\u00e9moire des apprenants, ainsi qu\u2019\u00e0 d\u00e9clencher le d\u00e9sir d\u2019en savoir plus sur le sujet de la s\u00e9quence.<\/p>\n<p class=\"STITRE3\">Deuxi\u00e8me \u00e9tape \u00ab\u00a0<strong>conceptualisation\u00a0\u00bb<\/strong><\/p>\n<p class=\"SCNT\" align=\"justify\">Il s\u2019agit de l\u2019\u00e9tape o\u00f9 les apprenants doivent formuler une r\u00e8gle \u00e0 partir des informations fournies par l\u2019analyse du corpus. On offre donc aux apprenants le plaisir d\u00fb \u00e0 la satisfaction de la d\u00e9couverte. Le corpus peut \u00eatre assez vari\u00e9, m\u00eame si le texte est souvent employ\u00e9.<\/p>\n<p class=\"SCNT\" align=\"justify\">Le r\u00f4le de l\u2019enseignant est d\u2019encourager les apprenants, et de conclure ou de compl\u00e9ter la r\u00e8gle retenue par eux.<\/p>\n<p class=\"STITRE3\">Troisi\u00e8me \u00e9tape \u00ab\u00a0<strong>Syst\u00e9matisation\u00a0\u00bb<\/strong><\/p>\n<p class=\"SCNT\" align=\"justify\">Cette \u00e9tape permet \u00e0 l\u2019apprenant de fixer les structures conceptualis\u00e9es pr\u00e9c\u00e9demment afin de pouvoir les r\u00e9employer spontan\u00e9ment dans le cadre d\u2019une communication authentique. Les exercices lacunaires ou de transformation qui peuvent s\u2019effectuer \u00e0 l\u2019\u00e9crit ou \u00e0 l\u2019oral mais qui ont pour base un support \u00e9crit sont souvent propos\u00e9s pendant cette \u00e9tape pour l&rsquo;enseignement des langues.<\/p>\n<p class=\"STITRE3\"><strong>T\u00e2che finale<\/strong><\/p>\n<p class=\"SCNT\" align=\"justify\">Avant de se lancer dans des s\u00e9quences pr\u00e9cises, l\u2019enseignant doit toujours avoir une t\u00e2che finale qui relie aux besoins des apprenants. La t\u00e2che finale guide les apprenants \u00e0 pratiquer ce qu\u2019ils ont appris dans un contexte simul\u00e9, comme dans la vie quotidienne ou professionnelle.<\/p>\n<p>[\/vc_column_text][vc_column_text][\/vc_column_text][vc_column_text]<strong><b><img loading=\"lazy\" decoding=\"async\" class=\"alignnone size-medium wp-image-1106\" src=\"http:\/\/www.bsforma.com\/bsf\/wp-content\/uploads\/2021\/05\/s-300x169.jpg\" alt=\"\" width=\"300\" height=\"169\" srcset=\"http:\/\/www.bsforma.com\/bsf\/wp-content\/uploads\/2021\/05\/s-300x169.jpg 300w, http:\/\/www.bsforma.com\/bsf\/wp-content\/uploads\/2021\/05\/s-768x432.jpg 768w, http:\/\/www.bsforma.com\/bsf\/wp-content\/uploads\/2021\/05\/s-1024x576.jpg 1024w, http:\/\/www.bsforma.com\/bsf\/wp-content\/uploads\/2021\/05\/s-555x312.jpg 555w, http:\/\/www.bsforma.com\/bsf\/wp-content\/uploads\/2021\/05\/s-1110x624.jpg 1110w, http:\/\/www.bsforma.com\/bsf\/wp-content\/uploads\/2021\/05\/s-600x338.jpg 600w, http:\/\/www.bsforma.com\/bsf\/wp-content\/uploads\/2021\/05\/s-1200x675.jpg 1200w, http:\/\/www.bsforma.com\/bsf\/wp-content\/uploads\/2021\/05\/s.jpg 1920w\" sizes=\"(max-width: 300px) 100vw, 300px\" \/><\/b><\/strong><\/p>\n<p><strong><b>PROC<\/b><\/strong><strong><b>\u00c9<\/b><\/strong><strong><b>DURE<\/b><\/strong>\u00a0<strong><b>DE\u00a0<\/b><\/strong><strong><b>PR<\/b><\/strong><strong><b>\u00c9<\/b><\/strong><strong><b>VENTION\u00a0<\/b><\/strong><strong><b>DES<\/b><\/strong>\u00a0<strong><b>ABANDONS<\/b><\/strong><\/p>\n<p><strong><b>A<\/b><\/strong><strong><b>VANT<\/b><\/strong>\u00a0<strong><b>LA<\/b><\/strong>\u00a0<strong><b>FORMATION\u00a0<\/b><\/strong><\/p>\n<p>.Tout d\u2019abord, OF s\u2019assure du bon \u00a0d\u00e9roul\u00e9 du diagnostic \u00a0des attentes\/besoins\/profil du futur participant.<\/p>\n<p>. \u00a0Le responsable de formation s\u2019assure de proposer au futur participant le parcours de formation ad\u00e9quat.<\/p>\n<p>. \u00a0L\u2019Organisme de Formation met tout en \u0153uvre pour assurer le\u00a0meilleur niveau \u00a0de enseignement, suivi \u00a0et accueil \u00a0possible pour le stagiaire: envoi \u00a0de \u00a0tous \u00a0les \u00a0documents administratifs\u00a0 n\u00e9cessaires et mise \u00e0 disposition d\u2019un r\u00e9f\u00e9rent p\u00e9dagogique.<\/p>\n<p><strong><b>PENDANT<\/b><\/strong>\u00a0<strong><b>LA<\/b><\/strong>\u00a0<strong><b>FORMATI<\/b><\/strong><strong><b>O<\/b><\/strong><strong><b>N<\/b><\/strong><\/p>\n<p>.\u00a0\u00a0\u00a0Le formateur accueille le participant et \u00e9value ses comp\u00e9tences \u00e0 l\u2019entr\u00e9e en formation.<\/p>\n<p>. \u00a0\u00a0\u00a0Le formateur d\u00e9livre une formation en ad\u00e9quation avec les attentes du stagiaire et adapte les modalit\u00e9s p\u00e9dagogiques en fonction de l\u2019avanc\u00e9 du participant.<\/p>\n<p>. \u00a0\u00a0\u00a0En \u00a0fin \u00a0de journ\u00e9e, \u00a0le \u00a0formateur \u00a0fait \u00a0un \u00a0tour \u00a0de \u00a0table \u00a0pour \u00a0recueillir \u00a0les \u00a0impressions \u00a0des stagiaires et valider le niveau d\u2019implication des participants.<\/p>\n<p>En \u00a0fin \u00a0de 1\u00e8re journ\u00e9e un d\u00e9briefing \u00a0t\u00e9l\u00e9phonique est \u00a0r\u00e9alis\u00e9 entre le formateur et \u00a0le responsable p\u00e9dagogique.<\/p>\n<p><strong><b>Absences pr\u00e9vues et justifi\u00e9es\/impr\u00e9vues justifi\u00e9es:\u00a0<\/b><\/strong><\/p>\n<ul>\n<li>Proposition d&rsquo;une autre s\u00e9ance<\/li>\n<li>Sans\u00a0cons\u00e9quence\u00a0de\u00a0facturation<\/li>\n<\/ul>\n<p><strong><b>En \u00a0cas d\u2019absence non-pr\u00e9vue et non-justifi\u00e9e,<\/b><\/strong><\/p>\n<p>il\u00a0\u00a0convient d\u2019appliquer les conduites suivantes :<\/p>\n<ul>\n<li>Le formateur se renseigne aupr\u00e8s des autres personnes de \u00a0la formation pour savoir \u00a0si \u00a0le participant a fait part de ses intentions.<\/li>\n<li>Le formateur informe le responsable de l\u2019Organisme de Formation.<\/li>\n<li>L\u2019Organisme de \u00a0Formation contacte \u00a0le \u00a0participant concern\u00e9 afin de connaitre \u00a0les causes de l\u2019absence.<\/li>\n<li>L\u2019Organisme de Formation informe l\u2019entreprise de l\u2019absence du participant et propose une autre s\u00e9ance.<\/li>\n<\/ul>\n<p><strong><b>En cas d<\/b><\/strong><strong><b>\u2019<\/b><\/strong><strong><b>abandon av\u00e9r\u00e9,<\/b><\/strong><\/p>\n<p>l\u2019organisme \u00a0cherche\u00a0\u00e0 identifier la\u00a0cause pour une ame\u0301lioration\u00a0continue afin de s\u2019am\u00e9liorer sans cesse de notre qualit\u00e9 de formation.<\/p>\n<p>les cas de figure sont \u00e0 \u00e9tudier:<\/p>\n<ol>\n<li>Raison personnelle ou force majeure (de\u0301ce\u0300s du stagiaire ou de ses ascendants et descendants directs, arre\u0302t maladie\/accidents du stagiaire\u00a0: reporter les dates de formation en cas d&rsquo;accord du stagiaire, pas l&rsquo;impact financier.<\/li>\n<li>Insatisfaction li\u00e9e \u00e0 la formation:\u00a0plan d&rsquo;am\u00e9lioration \u00e0 d\u00e9clencher imm\u00e9diatement pour\u00a0comprendre le dysfonctionnement\u00a0et y rem\u00e9dier: remise en question en analysant les cause :la qualification\u00a0 du\u00a0 formateur, la qualit\u00e9 de l\u2019accueil et le suivi, la qualit\u00e9 de formation, la relation commerciale.la relation formateur-stagiaire, .<\/li>\n<li>En revanche, si\u00a0aucune r\u00e9ponse\u00a0de la part du stagiaire ou de son responsable dans un d\u00e9lai de 12 mois malgr\u00e9 nos 3 relances; nous consid\u00e9rons que cela ne relevait pas de notre ressort, et nous cl\u00f4turons ce dossier de formation.<\/li>\n<li>Pour ceux qui souhaitent changer les dates et les programmes de formation apr\u00e8s le d\u00e9marrage de la formation, nous permettons une certaine flexibilit\u00e9 de nos programmes et nous en informerons les formateurs afin de s\u2019adapter aux besoins des clients.<\/li>\n<\/ol>\n<p>[\/vc_column_text][vc_column_text]<\/p>\n<h4><strong><a href=\"http:\/\/www.bsforma.com\/bsf\/wp-content\/uploads\/2023\/02\/Processus-dam\u00e9lioration-continue.pdf\">processus d&rsquo;am\u00e9lioration continue<\/a><\/strong><\/h4>\n<p><strong>SOS\u00a0 FORMATION<img loading=\"lazy\" decoding=\"async\" class=\"alignnone wp-image-1103\" src=\"http:\/\/www.bsforma.com\/bsf\/wp-content\/uploads\/2021\/04\/user_telephone-300x300.png\" alt=\"\" width=\"91\" height=\"91\" srcset=\"http:\/\/www.bsforma.com\/bsf\/wp-content\/uploads\/2021\/04\/user_telephone-300x300.png 300w, http:\/\/www.bsforma.com\/bsf\/wp-content\/uploads\/2021\/04\/user_telephone-150x150.png 150w, http:\/\/www.bsforma.com\/bsf\/wp-content\/uploads\/2021\/04\/user_telephone-50x50.png 50w, http:\/\/www.bsforma.com\/bsf\/wp-content\/uploads\/2021\/04\/user_telephone.png 512w\" sizes=\"(max-width: 91px) 100vw, 91px\" \/><\/strong><\/p>\n<ul>\n<li>Pour les formation d\u2019urgence, contact\u00a0:0677109882 ou mail\u00a0:info@bsforma.com<\/li>\n<li>En cas d&rsquo;un arr\u00eat occasionnel d\u2019une formation par un formateur sans raison valable ou \u00e0 cause d\u2019un impr\u00e9vu, merci de contacter le mail : info@bsforma.com ou au t\u00e9l\u00e9phone 06.77.10.98.82, Nous traitons rapidement votre demande.<\/li>\n<\/ul>\n<p>Nous accordons une grande importance \u00e0 la qualit\u00e9 des formations, et la relation client\u00e8le est aussi mise en place par notre \u00e9quipe. Sachez que notre \u00e9quipe met toutes ses comp\u00e9tences au service de la transmission des savoirs faire, et de l\u2019aide au d\u00e9veloppement des entreprises. La satisfaction des clients motiv\u00e9s, qui\u00a0 nous soutiennent depuis longtemps est au centre des pr\u00e9occupations de notre \u00e9quipe, et nous avons \u00e0 c\u0153ur de toujours am\u00e9liorer notre service de qualit\u00e9\u00a0 dans la formation pour remplir notre mission[\/vc_column_text][vc_column_text]<\/p>\n<h4><span style=\"color: #000080;\"><strong>Modalit\u00e9s de report de formation \u2013 Clause contractuelle<\/strong><\/span><\/h4>\n<p>Dans le cas o\u00f9 un stagiaire reporte sa formation pour des raisons d\u00fbment justifi\u00e9es, un d\u00e9lai exceptionnel d\u2019un an pourra \u00eatre accord\u00e9 afin de permettre la reprise de la formation, et ce, malgr\u00e9 trois relances rest\u00e9es sans r\u00e9ponse.<\/p>\n<p>Pass\u00e9 ce d\u00e9lai suppl\u00e9mentaire :<\/p>\n<p>Au cours de la deuxi\u00e8me ann\u00e9e, notre intervention sera limit\u00e9e \u00e0 50 % des heures pr\u00e9vues initialement.<\/p>\n<p>\u00c0 partir de la troisi\u00e8me ann\u00e9e, aucune prestation ne pourra \u00eatre exig\u00e9e et notre engagement sera consid\u00e9r\u00e9 comme caduc, sauf circonstances exceptionnelles appr\u00e9ci\u00e9es \u00e0 notre seule discr\u00e9tion.<\/p>\n<p>Nous vous remercions de votre compr\u00e9hension et vous invitons \u00e0 planifier votre reprise de formation dans les meilleurs d\u00e9lais.[\/vc_column_text][\/vc_column_inner][vc_column_inner width=\u00a0\u00bb1\/2&Prime;][vc_single_image image=\u00a0\u00bb396&Prime; img_size=\u00a0\u00bbfull\u00a0\u00bb][vc_column_text]<\/p>\n<h4 class=\"wp-block-heading title--3\"><span style=\"color: #000080;\"><strong>PROCESSUS ET CONDITIONS D\u2019ADMISSION<\/strong><\/span><\/h4>\n<ul>\n<li>Bulletin d\u2019inscription \u00e0 remplir<\/li>\n<li>Entretien sur vos objectifs individuels<\/li>\n<li>Tests de positionnement<\/li>\n<li>Forte motivation et engagement du respect des principes du r\u00e8glement de la formation professionnelle et r\u00e8glement int\u00e9rieur du stagiaire<\/li>\n<li>Formation li\u00e9e \u00e0 l&rsquo;\u00e9volution des comp\u00e9tences professionnels si dans le cadre de formation professionnelle<\/li>\n<li>Participation \u00e0 l&rsquo;examen de certificateur si CPF<\/li>\n<\/ul>\n<h3><span style=\"color: #000080;\"><strong>Processus de la formation\u00a0<\/strong><\/span><\/h3>\n<h4><img loading=\"lazy\" decoding=\"async\" class=\"alignnone size-medium wp-image-1738\" src=\"http:\/\/www.bsforma.com\/bsf\/wp-content\/uploads\/2025\/09\/18-300x300.png\" alt=\"\" width=\"300\" height=\"300\" srcset=\"http:\/\/www.bsforma.com\/bsf\/wp-content\/uploads\/2025\/09\/18-300x300.png 300w, http:\/\/www.bsforma.com\/bsf\/wp-content\/uploads\/2025\/09\/18-150x150.png 150w, http:\/\/www.bsforma.com\/bsf\/wp-content\/uploads\/2025\/09\/18-768x768.png 768w, http:\/\/www.bsforma.com\/bsf\/wp-content\/uploads\/2025\/09\/18-50x50.png 50w, http:\/\/www.bsforma.com\/bsf\/wp-content\/uploads\/2025\/09\/18-555x555.png 555w, http:\/\/www.bsforma.com\/bsf\/wp-content\/uploads\/2025\/09\/18-600x600.png 600w, http:\/\/www.bsforma.com\/bsf\/wp-content\/uploads\/2025\/09\/18.png 800w\" sizes=\"(max-width: 300px) 100vw, 300px\" \/><\/h4>\n<h4><img loading=\"lazy\" decoding=\"async\" class=\"alignnone size-medium wp-image-1739\" src=\"http:\/\/www.bsforma.com\/bsf\/wp-content\/uploads\/2025\/09\/19-300x300.png\" alt=\"\" width=\"300\" height=\"300\" srcset=\"http:\/\/www.bsforma.com\/bsf\/wp-content\/uploads\/2025\/09\/19-300x300.png 300w, http:\/\/www.bsforma.com\/bsf\/wp-content\/uploads\/2025\/09\/19-150x150.png 150w, http:\/\/www.bsforma.com\/bsf\/wp-content\/uploads\/2025\/09\/19-768x768.png 768w, http:\/\/www.bsforma.com\/bsf\/wp-content\/uploads\/2025\/09\/19-50x50.png 50w, http:\/\/www.bsforma.com\/bsf\/wp-content\/uploads\/2025\/09\/19-555x555.png 555w, http:\/\/www.bsforma.com\/bsf\/wp-content\/uploads\/2025\/09\/19-600x600.png 600w, http:\/\/www.bsforma.com\/bsf\/wp-content\/uploads\/2025\/09\/19.png 800w\" sizes=\"(max-width: 300px) 100vw, 300px\" \/><\/h4>\n<h4><img loading=\"lazy\" decoding=\"async\" class=\"alignnone size-medium wp-image-1740\" src=\"http:\/\/www.bsforma.com\/bsf\/wp-content\/uploads\/2025\/09\/20-300x300.png\" alt=\"\" width=\"300\" height=\"300\" srcset=\"http:\/\/www.bsforma.com\/bsf\/wp-content\/uploads\/2025\/09\/20-300x300.png 300w, http:\/\/www.bsforma.com\/bsf\/wp-content\/uploads\/2025\/09\/20-150x150.png 150w, http:\/\/www.bsforma.com\/bsf\/wp-content\/uploads\/2025\/09\/20-768x768.png 768w, http:\/\/www.bsforma.com\/bsf\/wp-content\/uploads\/2025\/09\/20-50x50.png 50w, http:\/\/www.bsforma.com\/bsf\/wp-content\/uploads\/2025\/09\/20-555x555.png 555w, http:\/\/www.bsforma.com\/bsf\/wp-content\/uploads\/2025\/09\/20-600x600.png 600w, http:\/\/www.bsforma.com\/bsf\/wp-content\/uploads\/2025\/09\/20.png 800w\" sizes=\"(max-width: 300px) 100vw, 300px\" \/><\/h4>\n<h4><img loading=\"lazy\" decoding=\"async\" class=\"alignnone size-medium wp-image-1741\" src=\"http:\/\/www.bsforma.com\/bsf\/wp-content\/uploads\/2025\/09\/21-300x300.png\" alt=\"\" width=\"300\" height=\"300\" srcset=\"http:\/\/www.bsforma.com\/bsf\/wp-content\/uploads\/2025\/09\/21-300x300.png 300w, http:\/\/www.bsforma.com\/bsf\/wp-content\/uploads\/2025\/09\/21-150x150.png 150w, http:\/\/www.bsforma.com\/bsf\/wp-content\/uploads\/2025\/09\/21-768x768.png 768w, http:\/\/www.bsforma.com\/bsf\/wp-content\/uploads\/2025\/09\/21-50x50.png 50w, http:\/\/www.bsforma.com\/bsf\/wp-content\/uploads\/2025\/09\/21-555x555.png 555w, http:\/\/www.bsforma.com\/bsf\/wp-content\/uploads\/2025\/09\/21-600x600.png 600w, http:\/\/www.bsforma.com\/bsf\/wp-content\/uploads\/2025\/09\/21.png 800w\" sizes=\"(max-width: 300px) 100vw, 300px\" \/><\/h4>\n<h4>les comp\u00e9tences du formateur<\/h4>\n<ul>\n<li><strong><b>\u00c9valuation: <\/b><\/strong><\/li>\n<\/ul>\n<p>Avant l\u2019int\u00e9gration du formateur dans notre organisme, nous proc\u00e9dons \u00e0 une s\u00e9lection sur la base de son CV, de ses dipl\u00f4mes. Ensuite un entretien et un cours d\u2019essai permettent de valider sa candidature.<\/p>\n<p><strong><b>1.Evaluation sur la base du CV<\/b><\/strong>, des dipl\u00f4mes<\/p>\n<p>&#8211; Entretiens professionnel<\/p>\n<p>-Cours d\u2019essai avant l\u2019int\u00e9gration dans notre soci\u00e9t\u00e9<\/p>\n<p>Nous \u00e9tablissons un compte rendu de l\u2019entretien professionnel (tableau de comp\u00e9tences du formateur) qui sera mis \u00e0 jour une fois par ans.<\/p>\n<p><strong><b>2.Evaluation de la part des stagiaires<\/b><\/strong><\/p>\n<p>Nous tenons compte de la progression des stagiaires apr\u00e8s la formation, de leur taux de r\u00e9ussite, et de leurs retours. Nous nous appuyons sur l\u2019enqu\u00eate de satisfaction client, et nous nous focalisons sur certains crit\u00e8res pr\u00e9cis concernant la p\u00e9dagogie, la ponctualit\u00e9, la disponibilit\u00e9, le sens de la communication, la capacit\u00e9 de transmission des savoir faire.<\/p>\n<p><strong><b>3.Auto-\u00e9valuation<\/b><\/strong><\/p>\n<p>Le formateur est invit\u00e9 \u00e0 s\u2019\u00e9valuer lui-m\u00eame afin de mieux nous faire part des difficult\u00e9s qu\u2019il a pu rencontrer et des ses besoins terme de comp\u00e9tences \u00e0 acqu\u00e9rir ou \u00e0 d\u00e9velopper.<\/p>\n<ul>\n<li><strong><b>D\u00e9veloppement des comp\u00e9tences<\/b><\/strong><\/li>\n<\/ul>\n<p>Nous organisons r\u00e9guli\u00e8rement des r\u00e9unions p\u00e9dagogiques dans le but de sensibiliser les formateurs aux nouvelles r\u00e9glementations, \u00e0 la r\u00e9forme de la formation professionnelle, aux m\u00e9thodes p\u00e9dagogiques, et aux exigences de qualit\u00e9 dans le secteur de la formation professionnelle.<\/p>\n<p>Aussi, nous demandons aux formateurs de se former soit en profitant de nos comp\u00e9tences en interne, soit en passant par un autre organisme, afin de d\u00e9velopper leurs comp\u00e9tences, de gagner en polyvalence. La synth\u00e8se de ces actions est enregistr\u00e9e dans le tableau \u00ab\u00a0plan de formation\u00a0\u00bb.<\/p>\n<h4><strong><img loading=\"lazy\" decoding=\"async\" class=\"alignnone wp-image-1744\" src=\"http:\/\/www.bsforma.com\/bsf\/wp-content\/uploads\/2025\/09\/BSF-SITE-21-300x300.png\" alt=\"\" width=\"105\" height=\"105\" srcset=\"http:\/\/www.bsforma.com\/bsf\/wp-content\/uploads\/2025\/09\/BSF-SITE-21-300x300.png 300w, http:\/\/www.bsforma.com\/bsf\/wp-content\/uploads\/2025\/09\/BSF-SITE-21-150x150.png 150w, http:\/\/www.bsforma.com\/bsf\/wp-content\/uploads\/2025\/09\/BSF-SITE-21-768x768.png 768w, http:\/\/www.bsforma.com\/bsf\/wp-content\/uploads\/2025\/09\/BSF-SITE-21-50x50.png 50w, http:\/\/www.bsforma.com\/bsf\/wp-content\/uploads\/2025\/09\/BSF-SITE-21-555x555.png 555w, http:\/\/www.bsforma.com\/bsf\/wp-content\/uploads\/2025\/09\/BSF-SITE-21-600x600.png 600w, http:\/\/www.bsforma.com\/bsf\/wp-content\/uploads\/2025\/09\/BSF-SITE-21.png 800w\" sizes=\"(max-width: 105px) 100vw, 105px\" \/>l&rsquo;\u00e9tique et d\u00e9ontologie\u00a0<\/strong><\/h4>\n<p>Notre \u00e9quipe s&rsquo; engage \u00e0 respecter l&rsquo;\u00e9tique et la d\u00e9ontologie professionnelle\u00a0 dans la r\u00e8glementation en vigueur et dans la charte avec notre partenaire. Nous accordons \u00e9galement une grande importance d\u00e9sormais \u00e0 la s\u00e9lection de formateurs exp\u00e9riment\u00e9s, qualifi\u00e9s et consciencieux : c&rsquo;est un \u00e9l\u00e9ments au c\u0153ur de notre organisme de formation dans le domaine des ressources humaines, non seulement pour leurs comp\u00e9tences professionnelles, mais aussi leur sens de l\u2019\u00e9thique et de la collaboration, et le sens du respect des exigences de Qualiopi, le respect de la d\u00e9ontologie professionnelle<br \/>\nELON MUSK a dit : \u00ab\u00a0Ma plus grande erreur est probablement de compter trop sur le talent de quelqu&rsquo;un et non sur sa personnalit\u00e9. C&rsquo;est important si quelqu&rsquo;un a un bon c\u0153ur.\u00a0\u00bb Nous sommes tout \u00e0 fait d&rsquo;accord. La personnalit\u00e9 ET la loyaut\u00e9 des employ\u00e9s sont importantes pour les activit\u00e9s de l&rsquo;entreprise. Nous encourageons toujours les jeunes comp\u00e9tents \u00e0 se mettre \u00e0 leur propre compte pour gagner leur vie m\u00eame dans un domaine qui ne peux pas\u00a0 \u00eatre trop commercialis\u00e9,\u00a0 apr\u00e8s que nous leur avons form\u00e9 chaleureusement , mais il faut rester loyal et honn\u00eate, ne pas \u00eatre hypocrite, ni tromper, ni abuser de la confiance des autres et respecter le droit d&rsquo;auteur des documents de supports de notre organisme ET le ficher clients.<\/p>\n<p>Heureusement nous travaillons souvent avec une \u00e9quipe coop\u00e9rative, exp\u00e9riment\u00e9e , ayant le sens de responsabilit\u00e9, et qui a de\u00a0 la passion pour\u00a0 l&rsquo;enseignement. Certains d\u2019entre eux connaissent d\u00e9j\u00e0 des exp\u00e9riences professionnelles dans\u00a0une grande entreprise et poss\u00e8dent un grand sens des responsabilit\u00e9 pour le travail confi\u00e9, un esprit tr\u00e8s rigoureux et les pieds sur terre. Ils traitent les stagiaires et leurs collaborateurs comme leurs propres amis et effectuent leur travail aussi s\u00e9rieusement que si c\u2019est pour leur propre compte.<\/p>\n<p>Nous preconisons tourjours \u00e0 nos formateurs de partager les 3 coeurs envers les stagiaires : le coeur de l&rsquo;amour (\u7231\u5fc3), le coeur de la patience (\u8010\u5fc3) et le coeur de la responsabilit\u00e9 (\u8d23\u4efb\u5fc3\uff09pendant la formation.[\/vc_column_text][\/vc_column_inner][\/vc_row_inner][vc_empty_space height=\u00a0\u00bb60px\u00a0\u00bb][\/vc_column][\/vc_row]<\/p>\n","protected":false},"excerpt":{"rendered":"<p>[vc_row][vc_column][vc_row_inner][vc_column_inner width=\u00a0\u00bb1\/6&Prime;][vc_column_text] D\u00e9marches p\u00e9dagogiques [\/vc_column_text][\/vc_column_inner][vc_column_inner width=\u00a0\u00bb2\/3&Prime;][\/vc_column_inner][vc_column_inner width=\u00a0\u00bb1\/6&Prime;][\/vc_column_inner][\/vc_row_inner][vc_empty_space height=\u00a0\u00bb40px\u00a0\u00bb][vc_row_inner][vc_column_inner width=\u00a0\u00bb1\/2&Prime;][vc_column_text] Les \u00e9tapes des \u00e9v\u00e8nements initiaux dans une s\u00e9quence Premi\u00e8re \u00e9tape \u00ab\u00a0sensibilisation\u00a0\u00bb \u00c0 partir d&rsquo;un document iconographique, d&rsquo;un geste, d&rsquo;une question, d&rsquo;un mot, d&rsquo;un dessin, d&rsquo;une photo, d&rsquo;un objet, etc, cette \u00e9tape qui ouvre la s\u00e9ance, sert \u00e0 stimuler la curiosit\u00e9, les connaissances acquises et la m\u00e9moire [&hellip;]<\/p>\n","protected":false},"author":1,"featured_media":0,"parent":0,"menu_order":0,"comment_status":"closed","ping_status":"closed","template":"","meta":{"footnotes":""},"class_list":["post-453","page","type-page","status-publish","hentry","no-post-thumbnail"],"_links":{"self":[{"href":"http:\/\/www.bsforma.com\/bsf\/wp-json\/wp\/v2\/pages\/453"}],"collection":[{"href":"http:\/\/www.bsforma.com\/bsf\/wp-json\/wp\/v2\/pages"}],"about":[{"href":"http:\/\/www.bsforma.com\/bsf\/wp-json\/wp\/v2\/types\/page"}],"author":[{"embeddable":true,"href":"http:\/\/www.bsforma.com\/bsf\/wp-json\/wp\/v2\/users\/1"}],"replies":[{"embeddable":true,"href":"http:\/\/www.bsforma.com\/bsf\/wp-json\/wp\/v2\/comments?post=453"}],"version-history":[{"count":85,"href":"http:\/\/www.bsforma.com\/bsf\/wp-json\/wp\/v2\/pages\/453\/revisions"}],"predecessor-version":[{"id":1752,"href":"http:\/\/www.bsforma.com\/bsf\/wp-json\/wp\/v2\/pages\/453\/revisions\/1752"}],"wp:attachment":[{"href":"http:\/\/www.bsforma.com\/bsf\/wp-json\/wp\/v2\/media?parent=453"}],"curies":[{"name":"wp","href":"https:\/\/api.w.org\/{rel}","templated":true}]}}